{"id":5662,"date":"2025-10-10T11:12:20","date_gmt":"2025-10-10T11:12:20","guid":{"rendered":"https:\/\/avant-age.live\/?post_type=product&#038;p=5662"},"modified":"2026-04-29T12:39:01","modified_gmt":"2026-04-29T12:39:01","slug":"carrello-per-pedicure-cube-select","status":"publish","type":"product","link":"https:\/\/avant-age.live\/it\/produkt\/cube-select-pedicure-trolley\/","title":{"rendered":"Carrello per pedicure Cube Select | con o senza vano UV"},"content":{"rendered":"<h5>Carrello per pedicure Cube Select con o senza scomparto UV<\/h5>\n<p>Il carrello per pedicure Cube Select \u00e8 un mobile per pedicure elegante e funzionale per uso professionale. Grazie alla sua altezza ridotta, consente di lavorare comodamente in posizione seduta e offre al contempo soluzioni di stoccaggio flessibili per apparecchiature e strumenti di lavoro.<\/p>\n<h6>Sviluppato specificamente per la pedicure<\/h6>\n<p>Il trolley \u00e8 dotato di un vano porta dispositivi integrato, particolarmente indicato per apparecchiature per la cura dei piedi. Il design compatto favorisce un lavoro ergonomico nella pratica quotidiana.<\/p>\n<h6>Equipaggiamento opzionale con o senza scomparto UV<\/h6>\n<p>A seconda delle necessit\u00e0, il carrello per pedicure \u00e8 disponibile in due versioni:<\/p>\n<ul>\n<li><strong>Con reparto UV:<\/strong> Piccolo cassetto con luce UV integrata per la conservazione igienica degli strumenti<\/li>\n<li><strong>Senza protezione UV:<\/strong> Esecuzione classica con spazio flessibile senza funzione UV<\/li>\n<\/ul>\n<h6>Spazio di archiviazione flessibile secondo necessit\u00e0<\/h6>\n<p>L'interno pu\u00f2 essere configurato individualmente, ad esempio con un grande cassetto o due cassetti pi\u00f9 piccoli. In questo modo il carrello pu\u00f2 essere adattato in modo ottimale ai propri flussi di lavoro.<\/p>\n<h6>Utilizzabile da mobile o da stazione fissa<\/h6>\n<p>Il carrello \u00e8 dotato di grandi ruote gommate, due delle quali sono dotate di freno. In alternativa, \u00e8 disponibile anche senza ruote come mobile fisso.<\/p>\n<h6>Design personalizzabile selezionabile<\/h6>\n<p>Con diverse varianti di decoro, il carrello pu\u00f2 essere allestito in modo da abbinarsi allo studio. I decori in bianco e weng\u00e9 sono inclusi nel prezzo.<\/p>\n<h6>Avviso<\/h6>\n<p>Le illustrazioni possono mostrare equipaggiamenti speciali. Il prezzo indicato si riferisce all'equipaggiamento di base.<\/p>\n<h6>Consegna<\/h6>\n<p>Il carrello per pedicure Cube Select viene consegnato montato.<\/p>","protected":false},"excerpt":{"rendered":"<p>Cube Select Pedicure Trolley mit oder ohne UV Fach Der Cube Select Pedicure Trolley ist ein elegantes und funktionales Pedik\u00fcrm\u00f6bel f\u00fcr den professionellen Einsatz. Dank seiner geringen H\u00f6he erm\u00f6glicht er ein komfortables Arbeiten in Sitzposition und bietet gleichzeitig flexible Staurauml\u00f6sungen f\u00fcr Ger\u00e4te und Arbeitsutensilien. Speziell f\u00fcr Pedik\u00fcre entwickelt Der Trolley verf\u00fcgt \u00fcber ein integriertes Ger\u00e4tefach, [&hellip;]<\/p>\n","protected":false},"featured_media":5666,"comment_status":"closed","ping_status":"closed","template":"","meta":{"_acf_changed":false},"product_sec":[62],"product_area":[51],"product_typ":[],"product_avbl":[126],"versand-ver":[],"product_brand":[112],"product_cat":[194],"product_tag":[845,815,821,808,848,851,849,846,850,852,822,847,853,819],"class_list":["post-5662","product","type-product","status-publish","has-post-thumbnail","product_sec-einrichtung","product_area-spa-aesthetic","product_avbl-8-10-wochen-ab-bestelleingang","product_brand-gharieni","product_cat-geratewagen-trolleys","product_tag-cube-select-pedicure-trolley","product_tag-fusspflege-geratewagen","product_tag-fusspflege-zubehor-wagen","product_tag-geratewagen-mobil-rollen","product_tag-geratewagen-pedikure","product_tag-geratewagen-uv-fach","product_tag-kosmetik-geratewagen-fusspflege","product_tag-pedicure-trolley-uv-fach","product_tag-pedikure-mobel-wagen","product_tag-pedikure-wagen-professionell","product_tag-podologie-ausstattung-wagen","product_tag-podologie-trolley","product_tag-podologie-wagen-uv","product_tag-praxiswagen-podologie","first","instock","featured","taxable","shipping-taxable","purchasable","product-type-variable"],"acf":[],"yoast_head":"<!-- This site is optimized with the Yoast SEO plugin v28.2 - https:\/\/yoast.com\/product\/yoast-seo-wordpress\/ -->\n<title>Cube Select Pedicure-Trolley | ohne UV-Fach | praktisches ...<\/title>\n<meta name=\"description\" content=\"Der Cube Select Pedicure-Trolley, ohne UV-Fach, wurde speziell f\u00fcr die Pedik\u00fcre entwickelt. Dank seiner geringen H\u00f6he bietet dieses Pedik\u00fcrm\u00f6bel ein praktisches ...\" \/>\n<meta name=\"robots\" content=\"index, follow, max-snippet:-1, max-image-preview:large, max-video-preview:-1\" \/>\n<link rel=\"canonical\" href=\"https:\/\/avant-age.live\/it\/prodotto\/carrello-per-pedicure-cube-select\/\" \/>\n<meta property=\"og:locale\" content=\"it_IT\" \/>\n<meta property=\"og:type\" content=\"article\" \/>\n<meta property=\"og:title\" content=\"Cube Select Pedicure-Trolley | ohne UV-Fach | praktisches ...\" \/>\n<meta property=\"og:description\" content=\"Der Cube Select Pedicure-Trolley, ohne UV-Fach, wurde speziell f\u00fcr die Pedik\u00fcre entwickelt. Dank seiner geringen H\u00f6he bietet dieses Pedik\u00fcrm\u00f6bel ein praktisches ...\" \/>\n<meta property=\"og:url\" content=\"https:\/\/avant-age.live\/it\/prodotto\/carrello-per-pedicure-cube-select\/\" \/>\n<meta property=\"og:site_name\" content=\"MTR Equipments\" \/>\n<meta property=\"article:modified_time\" content=\"2026-04-29T12:39:01+00:00\" \/>\n<meta property=\"og:image\" content=\"https:\/\/avant-age.live\/wp-content\/uploads\/2025\/10\/cube-select-pedicure-trolley-ohne-uv-fach-623-1000x1000-1.webp\" \/>\n\t<meta property=\"og:image:width\" content=\"1000\" \/>\n\t<meta property=\"og:image:height\" content=\"1000\" \/>\n\t<meta property=\"og:image:type\" content=\"image\/webp\" \/>\n<meta name=\"twitter:card\" content=\"summary_large_image\" \/>\n<meta name=\"twitter:label1\" content=\"Tempo di lettura stimato\" \/>\n\t<meta name=\"twitter:data1\" content=\"2 minuti\" \/>\n<script type=\"application\/ld+json\" class=\"yoast-schema-graph\">{\"@context\":\"https:\\\/\\\/schema.org\",\"@graph\":[{\"@type\":\"WebPage\",\"@id\":\"https:\\\/\\\/avant-age.live\\\/produkt\\\/cube-select-pedicure-trolley\\\/\",\"url\":\"https:\\\/\\\/avant-age.live\\\/produkt\\\/cube-select-pedicure-trolley\\\/\",\"name\":\"Cube Select Pedicure-Trolley | ohne UV-Fach | praktisches ...\",\"isPartOf\":{\"@id\":\"https:\\\/\\\/avant-age.live\\\/#website\"},\"primaryImageOfPage\":{\"@id\":\"https:\\\/\\\/avant-age.live\\\/produkt\\\/cube-select-pedicure-trolley\\\/#primaryimage\"},\"image\":{\"@id\":\"https:\\\/\\\/avant-age.live\\\/produkt\\\/cube-select-pedicure-trolley\\\/#primaryimage\"},\"thumbnailUrl\":\"https:\\\/\\\/avant-age.live\\\/wp-content\\\/uploads\\\/2025\\\/10\\\/cube-select-pedicure-trolley-ohne-uv-fach-623-1000x1000-1.webp\",\"datePublished\":\"2025-10-10T11:12:20+00:00\",\"dateModified\":\"2026-04-29T12:39:01+00:00\",\"description\":\"Der Cube Select Pedicure-Trolley, ohne UV-Fach, wurde speziell f\u00fcr die Pedik\u00fcre entwickelt. Dank seiner geringen H\u00f6he bietet dieses Pedik\u00fcrm\u00f6bel ein praktisches ...\",\"breadcrumb\":{\"@id\":\"https:\\\/\\\/avant-age.live\\\/produkt\\\/cube-select-pedicure-trolley\\\/#breadcrumb\"},\"inLanguage\":\"it-IT\",\"potentialAction\":[{\"@type\":\"ReadAction\",\"target\":[\"https:\\\/\\\/avant-age.live\\\/produkt\\\/cube-select-pedicure-trolley\\\/\"]}]},{\"@type\":\"ImageObject\",\"inLanguage\":\"it-IT\",\"@id\":\"https:\\\/\\\/avant-age.live\\\/produkt\\\/cube-select-pedicure-trolley\\\/#primaryimage\",\"url\":\"https:\\\/\\\/avant-age.live\\\/wp-content\\\/uploads\\\/2025\\\/10\\\/cube-select-pedicure-trolley-ohne-uv-fach-623-1000x1000-1.webp\",\"contentUrl\":\"https:\\\/\\\/avant-age.live\\\/wp-content\\\/uploads\\\/2025\\\/10\\\/cube-select-pedicure-trolley-ohne-uv-fach-623-1000x1000-1.webp\",\"width\":1000,\"height\":1000},{\"@type\":\"BreadcrumbList\",\"@id\":\"https:\\\/\\\/avant-age.live\\\/produkt\\\/cube-select-pedicure-trolley\\\/#breadcrumb\",\"itemListElement\":[{\"@type\":\"ListItem\",\"position\":1,\"name\":\"Home\",\"item\":\"https:\\\/\\\/avant-age.live\\\/\"},{\"@type\":\"ListItem\",\"position\":2,\"name\":\"Shop\",\"item\":\"https:\\\/\\\/avant-age.live\\\/shop\\\/\"},{\"@type\":\"ListItem\",\"position\":3,\"name\":\"Cube Select Pedicure-Trolley | mit oder ohne UV Fach\"}]},{\"@type\":\"WebSite\",\"@id\":\"https:\\\/\\\/avant-age.live\\\/#website\",\"url\":\"https:\\\/\\\/avant-age.live\\\/\",\"name\":\"MTR Equipments\",\"description\":\"\",\"potentialAction\":[{\"@type\":\"SearchAction\",\"target\":{\"@type\":\"EntryPoint\",\"urlTemplate\":\"https:\\\/\\\/avant-age.live\\\/?s={search_term_string}\"},\"query-input\":{\"@type\":\"PropertyValueSpecification\",\"valueRequired\":true,\"valueName\":\"search_term_string\"}}],\"inLanguage\":\"it-IT\"}]}<\/script>\n<!-- \/ Yoast SEO plugin. -->","yoast_head_json":{"title":"Cube Select Pedicure-Trolley | ohne UV-Fach | praktisches ...","description":"Der Cube Select Pedicure-Trolley, ohne UV-Fach, wurde speziell f\u00fcr die Pedik\u00fcre entwickelt. Dank seiner geringen H\u00f6he bietet dieses Pedik\u00fcrm\u00f6bel ein praktisches ...","robots":{"index":"index","follow":"follow","max-snippet":"max-snippet:-1","max-image-preview":"max-image-preview:large","max-video-preview":"max-video-preview:-1"},"canonical":"https:\/\/avant-age.live\/it\/prodotto\/carrello-per-pedicure-cube-select\/","og_locale":"it_IT","og_type":"article","og_title":"Cube Select Pedicure-Trolley | ohne UV-Fach | praktisches ...","og_description":"Der Cube Select Pedicure-Trolley, ohne UV-Fach, wurde speziell f\u00fcr die Pedik\u00fcre entwickelt. Dank seiner geringen H\u00f6he bietet dieses Pedik\u00fcrm\u00f6bel ein praktisches ...","og_url":"https:\/\/avant-age.live\/it\/prodotto\/carrello-per-pedicure-cube-select\/","og_site_name":"MTR Equipments","article_modified_time":"2026-04-29T12:39:01+00:00","og_image":[{"width":1000,"height":1000,"url":"https:\/\/avant-age.live\/wp-content\/uploads\/2025\/10\/cube-select-pedicure-trolley-ohne-uv-fach-623-1000x1000-1.webp","type":"image\/webp"}],"twitter_card":"summary_large_image","twitter_misc":{"Tempo di lettura stimato":"2 minuti"},"schema":{"@context":"https:\/\/schema.org","@graph":[{"@type":"WebPage","@id":"https:\/\/avant-age.live\/produkt\/cube-select-pedicure-trolley\/","url":"https:\/\/avant-age.live\/produkt\/cube-select-pedicure-trolley\/","name":"Cube Select Pedicure-Trolley | ohne UV-Fach | praktisches ...","isPartOf":{"@id":"https:\/\/avant-age.live\/#website"},"primaryImageOfPage":{"@id":"https:\/\/avant-age.live\/produkt\/cube-select-pedicure-trolley\/#primaryimage"},"image":{"@id":"https:\/\/avant-age.live\/produkt\/cube-select-pedicure-trolley\/#primaryimage"},"thumbnailUrl":"https:\/\/avant-age.live\/wp-content\/uploads\/2025\/10\/cube-select-pedicure-trolley-ohne-uv-fach-623-1000x1000-1.webp","datePublished":"2025-10-10T11:12:20+00:00","dateModified":"2026-04-29T12:39:01+00:00","description":"Der Cube Select Pedicure-Trolley, ohne UV-Fach, wurde speziell f\u00fcr die Pedik\u00fcre entwickelt. Dank seiner geringen H\u00f6he bietet dieses Pedik\u00fcrm\u00f6bel ein praktisches ...","breadcrumb":{"@id":"https:\/\/avant-age.live\/produkt\/cube-select-pedicure-trolley\/#breadcrumb"},"inLanguage":"it-IT","potentialAction":[{"@type":"ReadAction","target":["https:\/\/avant-age.live\/produkt\/cube-select-pedicure-trolley\/"]}]},{"@type":"ImageObject","inLanguage":"it-IT","@id":"https:\/\/avant-age.live\/produkt\/cube-select-pedicure-trolley\/#primaryimage","url":"https:\/\/avant-age.live\/wp-content\/uploads\/2025\/10\/cube-select-pedicure-trolley-ohne-uv-fach-623-1000x1000-1.webp","contentUrl":"https:\/\/avant-age.live\/wp-content\/uploads\/2025\/10\/cube-select-pedicure-trolley-ohne-uv-fach-623-1000x1000-1.webp","width":1000,"height":1000},{"@type":"BreadcrumbList","@id":"https:\/\/avant-age.live\/produkt\/cube-select-pedicure-trolley\/#breadcrumb","itemListElement":[{"@type":"ListItem","position":1,"name":"Home","item":"https:\/\/avant-age.live\/"},{"@type":"ListItem","position":2,"name":"Shop","item":"https:\/\/avant-age.live\/shop\/"},{"@type":"ListItem","position":3,"name":"Cube Select Pedicure-Trolley | mit oder ohne UV Fach"}]},{"@type":"WebSite","@id":"https:\/\/avant-age.live\/#website","url":"https:\/\/avant-age.live\/","name":"Attrezzature MTR","description":"","potentialAction":[{"@type":"SearchAction","target":{"@type":"EntryPoint","urlTemplate":"https:\/\/avant-age.live\/?s={search_term_string}"},"query-input":{"@type":"PropertyValueSpecification","valueRequired":true,"valueName":"search_term_string"}}],"inLanguage":"it-IT"}]}},"_links":{"self":[{"href":"https:\/\/avant-age.live\/it\/wp-json\/wp\/v2\/product\/5662","targetHints":{"allow":["GET"]}}],"collection":[{"href":"https:\/\/avant-age.live\/it\/wp-json\/wp\/v2\/product"}],"about":[{"href":"https:\/\/avant-age.live\/it\/wp-json\/wp\/v2\/types\/product"}],"replies":[{"embeddable":true,"href":"https:\/\/avant-age.live\/it\/wp-json\/wp\/v2\/comments?post=5662"}],"wp:featuredmedia":[{"embeddable":true,"href":"https:\/\/avant-age.live\/it\/wp-json\/wp\/v2\/media\/5666"}],"wp:attachment":[{"href":"https:\/\/avant-age.live\/it\/wp-json\/wp\/v2\/media?parent=5662"}],"wp:term":[{"taxonomy":"product_sec","embeddable":true,"href":"https:\/\/avant-age.live\/it\/wp-json\/wp\/v2\/product_sec?post=5662"},{"taxonomy":"product_area","embeddable":true,"href":"https:\/\/avant-age.live\/it\/wp-json\/wp\/v2\/product_area?post=5662"},{"taxonomy":"product_typ","embeddable":true,"href":"https:\/\/avant-age.live\/it\/wp-json\/wp\/v2\/product_typ?post=5662"},{"taxonomy":"product_avbl","embeddable":true,"href":"https:\/\/avant-age.live\/it\/wp-json\/wp\/v2\/product_avbl?post=5662"},{"taxonomy":"versand-ver","embeddable":true,"href":"https:\/\/avant-age.live\/it\/wp-json\/wp\/v2\/versand-ver?post=5662"},{"taxonomy":"product_brand","embeddable":true,"href":"https:\/\/avant-age.live\/it\/wp-json\/wp\/v2\/product_brand?post=5662"},{"taxonomy":"product_cat","embeddable":true,"href":"https:\/\/avant-age.live\/it\/wp-json\/wp\/v2\/product_cat?post=5662"},{"taxonomy":"product_tag","embeddable":true,"href":"https:\/\/avant-age.live\/it\/wp-json\/wp\/v2\/product_tag?post=5662"}],"curies":[{"name":"wp","href":"https:\/\/api.w.org\/{rel}","templated":true}]}}